{"id":2048,"date":"2023-07-23T09:28:02","date_gmt":"2023-07-23T09:28:02","guid":{"rendered":"https:\/\/85.208.23.146\/~str346us\/producto\/non%20class\u00e9\/laminas-cubrepalets\/"},"modified":"2023-07-23T09:34:37","modified_gmt":"2023-07-23T09:34:37","slug":"coiffes-de-protection-palettes","status":"publish","type":"product","link":"https:\/\/stretchfilmplasticosretractilesyfilmsalimentarios.com\/fr\/producto\/housses-retractables-et-coiffes-palettes\/coiffes-de-protection-palettes\/","title":{"rendered":"Coiffes de Protection Palettes"},"content":{"rendered":"<div class=\"post-content\">\n<div class=\"post-content\">\n<div class=\"post-content\">\n<p>Les<strong> coiffes de protection pour les palettes<\/strong> en poly\u00e9thyl\u00e8ne de basse densit\u00e9. Ils sont g\u00e9n\u00e9ralement utilis\u00e9s pour prot\u00e9ger la partie sup\u00e9rieure des palettes et sont tr\u00e8s efficace pour prot\u00e9ger les palettes de l\u2019humidit\u00e9 et de la poussi\u00e8re. Ils sont \u00e9galement utilis\u00e9s comme s\u00e9parateurs dans les bo\u00eetes de marchandises ou pour couvrir tout autre produit le n\u00e9cessitant.<br \/>\nLes <strong>coiffes de protection<\/strong> peuvent-\u00eatre conditionn\u00e9es sous plusieurs formats :<\/p>\n<ul>\n<li>Rouleau pr\u00e9-d\u00e9coup\u00e9<\/li>\n<li>A l\u2019unit\u00e9 (conditionn\u00e9es en carton)<\/li>\n<li>En container palette (vrac)<\/li>\n<li>En liassel<\/li>\n<\/ul>\n<p>Ils peuvent \u00eatre fabriqu\u00e9s en couleurs ou transparentes et personnalis\u00e9s en fonction des besoins du client.<\/p>\n<\/div>\n<\/div>\n<\/div>\n","protected":false},"excerpt":{"rendered":"<p>Les coiffes de protection pour les palettes en poly\u00e9thyl\u00e8ne de basse densit\u00e9. Ils sont g\u00e9n\u00e9ralement utilis\u00e9s pour prot\u00e9ger la partie sup\u00e9rieure des palettes et sont tr\u00e8s efficace pour prot\u00e9ger les palettes de l\u2019humidit\u00e9 et de la poussi\u00e8re. Ils sont \u00e9galement utilis\u00e9s comme s\u00e9parateurs dans les bo\u00eetes de marchandises ou pour couvrir tout autre produit le [&hellip;]<\/p>\n","protected":false},"featured_media":2050,"template":"","meta":[],"product_cat":[62],"product_tag":[],"class_list":{"0":"post-2048","1":"product","2":"type-product","3":"status-publish","4":"has-post-thumbnail","6":"product_cat-housses-retractables-et-coiffes-palettes","8":"first","9":"instock","10":"shipping-taxable","11":"product-type-simple"},"yoast_head":"<!-- This site is optimized with the Yoast SEO plugin v24.0 - https:\/\/yoast.com\/wordpress\/plugins\/seo\/ -->\n<title>Coiffes de Protection Palettes - Stretch y Retr\u00e1ctil<\/title>\n<meta name=\"robots\" content=\"index, follow, max-snippet:-1, max-image-preview:large, max-video-preview:-1\" \/>\n<link rel=\"canonical\" href=\"https:\/\/stretchfilmplasticosretractilesyfilmsalimentarios.com\/fr\/producto\/housses-retractables-et-coiffes-palettes\/coiffes-de-protection-palettes\/\" \/>\n<meta property=\"og:locale\" content=\"fr_FR\" \/>\n<meta property=\"og:type\" content=\"article\" \/>\n<meta property=\"og:title\" content=\"Coiffes de Protection Palettes - Stretch y Retr\u00e1ctil\" \/>\n<meta property=\"og:description\" content=\"Les coiffes de protection pour les palettes en poly\u00e9thyl\u00e8ne de basse densit\u00e9. Ils sont g\u00e9n\u00e9ralement utilis\u00e9s pour prot\u00e9ger la partie sup\u00e9rieure des palettes et sont tr\u00e8s efficace pour prot\u00e9ger les palettes de l\u2019humidit\u00e9 et de la poussi\u00e8re. Ils sont \u00e9galement utilis\u00e9s comme s\u00e9parateurs dans les bo\u00eetes de marchandises ou pour couvrir tout autre produit le [&hellip;]\" \/>\n<meta property=\"og:url\" content=\"https:\/\/stretchfilmplasticosretractilesyfilmsalimentarios.com\/fr\/producto\/housses-retractables-et-coiffes-palettes\/coiffes-de-protection-palettes\/\" \/>\n<meta property=\"og:site_name\" content=\"Stretch y Retr\u00e1ctil\" \/>\n<meta property=\"article:modified_time\" content=\"2023-07-23T09:34:37+00:00\" \/>\n<meta property=\"og:image\" content=\"https:\/\/stretchfilmplasticosretractilesyfilmsalimentarios.com\/wp-content\/uploads\/cubrepalet.jpg\" \/>\n\t<meta property=\"og:image:width\" content=\"640\" \/>\n\t<meta property=\"og:image:height\" content=\"360\" \/>\n\t<meta property=\"og:image:type\" content=\"image\/jpeg\" \/>\n<meta name=\"twitter:card\" content=\"summary_large_image\" \/>\n<meta name=\"twitter:label1\" content=\"Dur\u00e9e de lecture estim\u00e9e\" \/>\n\t<meta name=\"twitter:data1\" content=\"1 minute\" \/>\n<script type=\"application\/ld+json\" class=\"yoast-schema-graph\">{\"@context\":\"https:\/\/schema.org\",\"@graph\":[{\"@type\":\"WebPage\",\"@id\":\"https:\/\/stretchfilmplasticosretractilesyfilmsalimentarios.com\/fr\/producto\/housses-retractables-et-coiffes-palettes\/coiffes-de-protection-palettes\/\",\"url\":\"https:\/\/stretchfilmplasticosretractilesyfilmsalimentarios.com\/fr\/producto\/housses-retractables-et-coiffes-palettes\/coiffes-de-protection-palettes\/\",\"name\":\"Coiffes de Protection Palettes - Stretch y Retr\u00e1ctil\",\"isPartOf\":{\"@id\":\"https:\/\/stretchfilmplasticosretractilesyfilmsalimentarios.com\/fr\/#website\"},\"primaryImageOfPage\":{\"@id\":\"https:\/\/stretchfilmplasticosretractilesyfilmsalimentarios.com\/fr\/producto\/housses-retractables-et-coiffes-palettes\/coiffes-de-protection-palettes\/#primaryimage\"},\"image\":{\"@id\":\"https:\/\/stretchfilmplasticosretractilesyfilmsalimentarios.com\/fr\/producto\/housses-retractables-et-coiffes-palettes\/coiffes-de-protection-palettes\/#primaryimage\"},\"thumbnailUrl\":\"https:\/\/stretchfilmplasticosretractilesyfilmsalimentarios.com\/wp-content\/uploads\/cubrepalet.jpg\",\"datePublished\":\"2023-07-23T09:28:02+00:00\",\"dateModified\":\"2023-07-23T09:34:37+00:00\",\"breadcrumb\":{\"@id\":\"https:\/\/stretchfilmplasticosretractilesyfilmsalimentarios.com\/fr\/producto\/housses-retractables-et-coiffes-palettes\/coiffes-de-protection-palettes\/#breadcrumb\"},\"inLanguage\":\"fr-FR\",\"potentialAction\":[{\"@type\":\"ReadAction\",\"target\":[\"https:\/\/stretchfilmplasticosretractilesyfilmsalimentarios.com\/fr\/producto\/housses-retractables-et-coiffes-palettes\/coiffes-de-protection-palettes\/\"]}]},{\"@type\":\"ImageObject\",\"inLanguage\":\"fr-FR\",\"@id\":\"https:\/\/stretchfilmplasticosretractilesyfilmsalimentarios.com\/fr\/producto\/housses-retractables-et-coiffes-palettes\/coiffes-de-protection-palettes\/#primaryimage\",\"url\":\"https:\/\/stretchfilmplasticosretractilesyfilmsalimentarios.com\/wp-content\/uploads\/cubrepalet.jpg\",\"contentUrl\":\"https:\/\/stretchfilmplasticosretractilesyfilmsalimentarios.com\/wp-content\/uploads\/cubrepalet.jpg\",\"width\":640,\"height\":360},{\"@type\":\"BreadcrumbList\",\"@id\":\"https:\/\/stretchfilmplasticosretractilesyfilmsalimentarios.com\/fr\/producto\/housses-retractables-et-coiffes-palettes\/coiffes-de-protection-palettes\/#breadcrumb\",\"itemListElement\":[{\"@type\":\"ListItem\",\"position\":1,\"name\":\"Produits\",\"item\":\"https:\/\/stretchfilmplasticosretractilesyfilmsalimentarios.com\/fr\/produits\/\"},{\"@type\":\"ListItem\",\"position\":2,\"name\":\"Coiffes de Protection Palettes\"}]},{\"@type\":\"WebSite\",\"@id\":\"https:\/\/stretchfilmplasticosretractilesyfilmsalimentarios.com\/fr\/#website\",\"url\":\"https:\/\/stretchfilmplasticosretractilesyfilmsalimentarios.com\/fr\/\",\"name\":\"Stretch y Retr\u00e1ctil\",\"description\":\"\",\"publisher\":{\"@id\":\"https:\/\/stretchfilmplasticosretractilesyfilmsalimentarios.com\/fr\/#organization\"},\"potentialAction\":[{\"@type\":\"SearchAction\",\"target\":{\"@type\":\"EntryPoint\",\"urlTemplate\":\"https:\/\/stretchfilmplasticosretractilesyfilmsalimentarios.com\/fr\/?s={search_term_string}\"},\"query-input\":{\"@type\":\"PropertyValueSpecification\",\"valueRequired\":true,\"valueName\":\"search_term_string\"}}],\"inLanguage\":\"fr-FR\"},{\"@type\":\"Organization\",\"@id\":\"https:\/\/stretchfilmplasticosretractilesyfilmsalimentarios.com\/fr\/#organization\",\"name\":\"Stretch y Retr\u00e1ctil\",\"url\":\"https:\/\/stretchfilmplasticosretractilesyfilmsalimentarios.com\/fr\/\",\"logo\":{\"@type\":\"ImageObject\",\"inLanguage\":\"fr-FR\",\"@id\":\"https:\/\/stretchfilmplasticosretractilesyfilmsalimentarios.com\/fr\/#\/schema\/logo\/image\/\",\"url\":\"https:\/\/stretchfilmplasticosretractilesyfilmsalimentarios.com\/wp-content\/uploads\/logostretch-sticky.png\",\"contentUrl\":\"https:\/\/stretchfilmplasticosretractilesyfilmsalimentarios.com\/wp-content\/uploads\/logostretch-sticky.png\",\"width\":269,\"height\":64,\"caption\":\"Stretch y Retr\u00e1ctil\"},\"image\":{\"@id\":\"https:\/\/stretchfilmplasticosretractilesyfilmsalimentarios.com\/fr\/#\/schema\/logo\/image\/\"}}]}<\/script>\n<!-- \/ Yoast SEO plugin. -->","yoast_head_json":{"title":"Coiffes de Protection Palettes - Stretch y Retr\u00e1ctil","robots":{"index":"index","follow":"follow","max-snippet":"max-snippet:-1","max-image-preview":"max-image-preview:large","max-video-preview":"max-video-preview:-1"},"canonical":"https:\/\/stretchfilmplasticosretractilesyfilmsalimentarios.com\/fr\/producto\/housses-retractables-et-coiffes-palettes\/coiffes-de-protection-palettes\/","og_locale":"fr_FR","og_type":"article","og_title":"Coiffes de Protection Palettes - Stretch y Retr\u00e1ctil","og_description":"Les coiffes de protection pour les palettes en poly\u00e9thyl\u00e8ne de basse densit\u00e9. Ils sont g\u00e9n\u00e9ralement utilis\u00e9s pour prot\u00e9ger la partie sup\u00e9rieure des palettes et sont tr\u00e8s efficace pour prot\u00e9ger les palettes de l\u2019humidit\u00e9 et de la poussi\u00e8re. Ils sont \u00e9galement utilis\u00e9s comme s\u00e9parateurs dans les bo\u00eetes de marchandises ou pour couvrir tout autre produit le [&hellip;]","og_url":"https:\/\/stretchfilmplasticosretractilesyfilmsalimentarios.com\/fr\/producto\/housses-retractables-et-coiffes-palettes\/coiffes-de-protection-palettes\/","og_site_name":"Stretch y Retr\u00e1ctil","article_modified_time":"2023-07-23T09:34:37+00:00","og_image":[{"width":640,"height":360,"url":"https:\/\/stretchfilmplasticosretractilesyfilmsalimentarios.com\/wp-content\/uploads\/cubrepalet.jpg","type":"image\/jpeg"}],"twitter_card":"summary_large_image","twitter_misc":{"Dur\u00e9e de lecture estim\u00e9e":"1 minute"},"schema":{"@context":"https:\/\/schema.org","@graph":[{"@type":"WebPage","@id":"https:\/\/stretchfilmplasticosretractilesyfilmsalimentarios.com\/fr\/producto\/housses-retractables-et-coiffes-palettes\/coiffes-de-protection-palettes\/","url":"https:\/\/stretchfilmplasticosretractilesyfilmsalimentarios.com\/fr\/producto\/housses-retractables-et-coiffes-palettes\/coiffes-de-protection-palettes\/","name":"Coiffes de Protection Palettes - Stretch y Retr\u00e1ctil","isPartOf":{"@id":"https:\/\/stretchfilmplasticosretractilesyfilmsalimentarios.com\/fr\/#website"},"primaryImageOfPage":{"@id":"https:\/\/stretchfilmplasticosretractilesyfilmsalimentarios.com\/fr\/producto\/housses-retractables-et-coiffes-palettes\/coiffes-de-protection-palettes\/#primaryimage"},"image":{"@id":"https:\/\/stretchfilmplasticosretractilesyfilmsalimentarios.com\/fr\/producto\/housses-retractables-et-coiffes-palettes\/coiffes-de-protection-palettes\/#primaryimage"},"thumbnailUrl":"https:\/\/stretchfilmplasticosretractilesyfilmsalimentarios.com\/wp-content\/uploads\/cubrepalet.jpg","datePublished":"2023-07-23T09:28:02+00:00","dateModified":"2023-07-23T09:34:37+00:00","breadcrumb":{"@id":"https:\/\/stretchfilmplasticosretractilesyfilmsalimentarios.com\/fr\/producto\/housses-retractables-et-coiffes-palettes\/coiffes-de-protection-palettes\/#breadcrumb"},"inLanguage":"fr-FR","potentialAction":[{"@type":"ReadAction","target":["https:\/\/stretchfilmplasticosretractilesyfilmsalimentarios.com\/fr\/producto\/housses-retractables-et-coiffes-palettes\/coiffes-de-protection-palettes\/"]}]},{"@type":"ImageObject","inLanguage":"fr-FR","@id":"https:\/\/stretchfilmplasticosretractilesyfilmsalimentarios.com\/fr\/producto\/housses-retractables-et-coiffes-palettes\/coiffes-de-protection-palettes\/#primaryimage","url":"https:\/\/stretchfilmplasticosretractilesyfilmsalimentarios.com\/wp-content\/uploads\/cubrepalet.jpg","contentUrl":"https:\/\/stretchfilmplasticosretractilesyfilmsalimentarios.com\/wp-content\/uploads\/cubrepalet.jpg","width":640,"height":360},{"@type":"BreadcrumbList","@id":"https:\/\/stretchfilmplasticosretractilesyfilmsalimentarios.com\/fr\/producto\/housses-retractables-et-coiffes-palettes\/coiffes-de-protection-palettes\/#breadcrumb","itemListElement":[{"@type":"ListItem","position":1,"name":"Produits","item":"https:\/\/stretchfilmplasticosretractilesyfilmsalimentarios.com\/fr\/produits\/"},{"@type":"ListItem","position":2,"name":"Coiffes de Protection Palettes"}]},{"@type":"WebSite","@id":"https:\/\/stretchfilmplasticosretractilesyfilmsalimentarios.com\/fr\/#website","url":"https:\/\/stretchfilmplasticosretractilesyfilmsalimentarios.com\/fr\/","name":"Stretch y Retr\u00e1ctil","description":"","publisher":{"@id":"https:\/\/stretchfilmplasticosretractilesyfilmsalimentarios.com\/fr\/#organization"},"potentialAction":[{"@type":"SearchAction","target":{"@type":"EntryPoint","urlTemplate":"https:\/\/stretchfilmplasticosretractilesyfilmsalimentarios.com\/fr\/?s={search_term_string}"},"query-input":{"@type":"PropertyValueSpecification","valueRequired":true,"valueName":"search_term_string"}}],"inLanguage":"fr-FR"},{"@type":"Organization","@id":"https:\/\/stretchfilmplasticosretractilesyfilmsalimentarios.com\/fr\/#organization","name":"Stretch y Retr\u00e1ctil","url":"https:\/\/stretchfilmplasticosretractilesyfilmsalimentarios.com\/fr\/","logo":{"@type":"ImageObject","inLanguage":"fr-FR","@id":"https:\/\/stretchfilmplasticosretractilesyfilmsalimentarios.com\/fr\/#\/schema\/logo\/image\/","url":"https:\/\/stretchfilmplasticosretractilesyfilmsalimentarios.com\/wp-content\/uploads\/logostretch-sticky.png","contentUrl":"https:\/\/stretchfilmplasticosretractilesyfilmsalimentarios.com\/wp-content\/uploads\/logostretch-sticky.png","width":269,"height":64,"caption":"Stretch y Retr\u00e1ctil"},"image":{"@id":"https:\/\/stretchfilmplasticosretractilesyfilmsalimentarios.com\/fr\/#\/schema\/logo\/image\/"}}]}},"_links":{"self":[{"href":"https:\/\/stretchfilmplasticosretractilesyfilmsalimentarios.com\/fr\/wp-json\/wp\/v2\/product\/2048","targetHints":{"allow":["GET"]}}],"collection":[{"href":"https:\/\/stretchfilmplasticosretractilesyfilmsalimentarios.com\/fr\/wp-json\/wp\/v2\/product"}],"about":[{"href":"https:\/\/stretchfilmplasticosretractilesyfilmsalimentarios.com\/fr\/wp-json\/wp\/v2\/types\/product"}],"wp:featuredmedia":[{"embeddable":true,"href":"https:\/\/stretchfilmplasticosretractilesyfilmsalimentarios.com\/fr\/wp-json\/wp\/v2\/media\/2050"}],"wp:attachment":[{"href":"https:\/\/stretchfilmplasticosretractilesyfilmsalimentarios.com\/fr\/wp-json\/wp\/v2\/media?parent=2048"}],"wp:term":[{"taxonomy":"product_cat","embeddable":true,"href":"https:\/\/stretchfilmplasticosretractilesyfilmsalimentarios.com\/fr\/wp-json\/wp\/v2\/product_cat?post=2048"},{"taxonomy":"product_tag","embeddable":true,"href":"https:\/\/stretchfilmplasticosretractilesyfilmsalimentarios.com\/fr\/wp-json\/wp\/v2\/product_tag?post=2048"}],"curies":[{"name":"wp","href":"https:\/\/api.w.org\/{rel}","templated":true}]}}