{"id":1885,"date":"2023-07-22T22:59:16","date_gmt":"2023-07-22T22:59:16","guid":{"rendered":"https:\/\/85.208.23.146\/~str346us\/producto\/non%20class\u00e9\/films-biodegradables-y-compostables\/"},"modified":"2023-07-22T23:02:18","modified_gmt":"2023-07-22T23:02:18","slug":"films-biodegradables-et-compostables","status":"publish","type":"product","link":"https:\/\/stretchfilmplasticosretractilesyfilmsalimentarios.com\/fr\/producto\/film-plastique-retractable\/films-biodegradables-et-compostables\/","title":{"rendered":"Films Biod\u00e9gradables et Compostables"},"content":{"rendered":"<div class=\"post-content\">\n<p>Large gamme de <strong>films biod\u00e9gradables<\/strong>. <strong>Films \u00e9cologiques<\/strong> \u00e0 base d\u2019amidon de pomme de terre, d\u2019amidon de ma\u00efs et \/ ou de canne \u00e0 sucre.<\/p>\n<p>Selon son utilisation, un type ou un autre est recommand\u00e9, en fonction du type d\u2019emballage requis, de la transparence et de la r\u00e9traction ou de la fermeture du produit \u00e0 emballer.<\/p>\n<p>Ces films sont respectueux de l\u2019environnement, ils se d\u00e9gradent entre 90 jours et 12 mois sous l\u2019action de la lumi\u00e8re, de l\u2019air et de l\u2019eau. Ils ne produisent ni pollution ni impact n\u00e9gatif sur notre environnement.<\/p>\n<p>Disponible dans de nombreux formats tels que:<\/p>\n<ul>\n<li>Bobines d\u2019emballage et d\u2019emballage<\/li>\n<li>Sacs \u00e0 usage alimentaire<\/li>\n<li>Sac \u00e0 poubelle<\/li>\n<li>Sacs industriels<\/li>\n<\/ul>\n<\/div>\n","protected":false},"excerpt":{"rendered":"<p>Large gamme de films biod\u00e9gradables. Films \u00e9cologiques \u00e0 base d\u2019amidon de pomme de terre, d\u2019amidon de ma\u00efs et \/ ou de canne \u00e0 sucre. Selon son utilisation, un type ou un autre est recommand\u00e9, en fonction du type d\u2019emballage requis, de la transparence et de la r\u00e9traction ou de la fermeture du produit \u00e0 emballer. [&hellip;]<\/p>\n","protected":false},"featured_media":1874,"template":"","meta":[],"product_cat":[53],"product_tag":[],"class_list":{"0":"post-1885","1":"product","2":"type-product","3":"status-publish","4":"has-post-thumbnail","6":"product_cat-film-plastique-retractable","8":"first","9":"instock","10":"shipping-taxable","11":"product-type-simple"},"yoast_head":"<!-- This site is optimized with the Yoast SEO plugin v24.0 - https:\/\/yoast.com\/wordpress\/plugins\/seo\/ -->\n<title>Films Biod\u00e9gradables et Compostables - Stretch y Retr\u00e1ctil<\/title>\n<meta name=\"robots\" content=\"index, follow, max-snippet:-1, max-image-preview:large, max-video-preview:-1\" \/>\n<link rel=\"canonical\" href=\"https:\/\/stretchfilmplasticosretractilesyfilmsalimentarios.com\/fr\/producto\/film-plastique-retractable\/films-biodegradables-et-compostables\/\" \/>\n<meta property=\"og:locale\" content=\"fr_FR\" \/>\n<meta property=\"og:type\" content=\"article\" \/>\n<meta property=\"og:title\" content=\"Films Biod\u00e9gradables et Compostables - Stretch y Retr\u00e1ctil\" \/>\n<meta property=\"og:description\" content=\"Large gamme de films biod\u00e9gradables. Films \u00e9cologiques \u00e0 base d\u2019amidon de pomme de terre, d\u2019amidon de ma\u00efs et \/ ou de canne \u00e0 sucre. Selon son utilisation, un type ou un autre est recommand\u00e9, en fonction du type d\u2019emballage requis, de la transparence et de la r\u00e9traction ou de la fermeture du produit \u00e0 emballer. [&hellip;]\" \/>\n<meta property=\"og:url\" content=\"https:\/\/stretchfilmplasticosretractilesyfilmsalimentarios.com\/fr\/producto\/film-plastique-retractable\/films-biodegradables-et-compostables\/\" \/>\n<meta property=\"og:site_name\" content=\"Stretch y Retr\u00e1ctil\" \/>\n<meta property=\"article:modified_time\" content=\"2023-07-22T23:02:18+00:00\" \/>\n<meta property=\"og:image\" content=\"https:\/\/stretchfilmplasticosretractilesyfilmsalimentarios.com\/wp-content\/uploads\/film-biodegradables-y-compostables-01.jpg\" \/>\n\t<meta property=\"og:image:width\" content=\"1320\" \/>\n\t<meta property=\"og:image:height\" content=\"742\" \/>\n\t<meta property=\"og:image:type\" content=\"image\/jpeg\" \/>\n<meta name=\"twitter:card\" content=\"summary_large_image\" \/>\n<meta name=\"twitter:label1\" content=\"Dur\u00e9e de lecture estim\u00e9e\" \/>\n\t<meta name=\"twitter:data1\" content=\"1 minute\" \/>\n<script type=\"application\/ld+json\" class=\"yoast-schema-graph\">{\"@context\":\"https:\/\/schema.org\",\"@graph\":[{\"@type\":\"WebPage\",\"@id\":\"https:\/\/stretchfilmplasticosretractilesyfilmsalimentarios.com\/fr\/producto\/film-plastique-retractable\/films-biodegradables-et-compostables\/\",\"url\":\"https:\/\/stretchfilmplasticosretractilesyfilmsalimentarios.com\/fr\/producto\/film-plastique-retractable\/films-biodegradables-et-compostables\/\",\"name\":\"Films Biod\u00e9gradables et Compostables - Stretch y Retr\u00e1ctil\",\"isPartOf\":{\"@id\":\"https:\/\/stretchfilmplasticosretractilesyfilmsalimentarios.com\/fr\/#website\"},\"primaryImageOfPage\":{\"@id\":\"https:\/\/stretchfilmplasticosretractilesyfilmsalimentarios.com\/fr\/producto\/film-plastique-retractable\/films-biodegradables-et-compostables\/#primaryimage\"},\"image\":{\"@id\":\"https:\/\/stretchfilmplasticosretractilesyfilmsalimentarios.com\/fr\/producto\/film-plastique-retractable\/films-biodegradables-et-compostables\/#primaryimage\"},\"thumbnailUrl\":\"https:\/\/stretchfilmplasticosretractilesyfilmsalimentarios.com\/wp-content\/uploads\/film-biodegradables-y-compostables-01.jpg\",\"datePublished\":\"2023-07-22T22:59:16+00:00\",\"dateModified\":\"2023-07-22T23:02:18+00:00\",\"breadcrumb\":{\"@id\":\"https:\/\/stretchfilmplasticosretractilesyfilmsalimentarios.com\/fr\/producto\/film-plastique-retractable\/films-biodegradables-et-compostables\/#breadcrumb\"},\"inLanguage\":\"fr-FR\",\"potentialAction\":[{\"@type\":\"ReadAction\",\"target\":[\"https:\/\/stretchfilmplasticosretractilesyfilmsalimentarios.com\/fr\/producto\/film-plastique-retractable\/films-biodegradables-et-compostables\/\"]}]},{\"@type\":\"ImageObject\",\"inLanguage\":\"fr-FR\",\"@id\":\"https:\/\/stretchfilmplasticosretractilesyfilmsalimentarios.com\/fr\/producto\/film-plastique-retractable\/films-biodegradables-et-compostables\/#primaryimage\",\"url\":\"https:\/\/stretchfilmplasticosretractilesyfilmsalimentarios.com\/wp-content\/uploads\/film-biodegradables-y-compostables-01.jpg\",\"contentUrl\":\"https:\/\/stretchfilmplasticosretractilesyfilmsalimentarios.com\/wp-content\/uploads\/film-biodegradables-y-compostables-01.jpg\",\"width\":1320,\"height\":742},{\"@type\":\"BreadcrumbList\",\"@id\":\"https:\/\/stretchfilmplasticosretractilesyfilmsalimentarios.com\/fr\/producto\/film-plastique-retractable\/films-biodegradables-et-compostables\/#breadcrumb\",\"itemListElement\":[{\"@type\":\"ListItem\",\"position\":1,\"name\":\"Produits\",\"item\":\"https:\/\/stretchfilmplasticosretractilesyfilmsalimentarios.com\/fr\/produits\/\"},{\"@type\":\"ListItem\",\"position\":2,\"name\":\"Films Biod\u00e9gradables et Compostables\"}]},{\"@type\":\"WebSite\",\"@id\":\"https:\/\/stretchfilmplasticosretractilesyfilmsalimentarios.com\/fr\/#website\",\"url\":\"https:\/\/stretchfilmplasticosretractilesyfilmsalimentarios.com\/fr\/\",\"name\":\"Stretch y Retr\u00e1ctil\",\"description\":\"\",\"publisher\":{\"@id\":\"https:\/\/stretchfilmplasticosretractilesyfilmsalimentarios.com\/fr\/#organization\"},\"potentialAction\":[{\"@type\":\"SearchAction\",\"target\":{\"@type\":\"EntryPoint\",\"urlTemplate\":\"https:\/\/stretchfilmplasticosretractilesyfilmsalimentarios.com\/fr\/?s={search_term_string}\"},\"query-input\":{\"@type\":\"PropertyValueSpecification\",\"valueRequired\":true,\"valueName\":\"search_term_string\"}}],\"inLanguage\":\"fr-FR\"},{\"@type\":\"Organization\",\"@id\":\"https:\/\/stretchfilmplasticosretractilesyfilmsalimentarios.com\/fr\/#organization\",\"name\":\"Stretch y Retr\u00e1ctil\",\"url\":\"https:\/\/stretchfilmplasticosretractilesyfilmsalimentarios.com\/fr\/\",\"logo\":{\"@type\":\"ImageObject\",\"inLanguage\":\"fr-FR\",\"@id\":\"https:\/\/stretchfilmplasticosretractilesyfilmsalimentarios.com\/fr\/#\/schema\/logo\/image\/\",\"url\":\"https:\/\/stretchfilmplasticosretractilesyfilmsalimentarios.com\/wp-content\/uploads\/logostretch-sticky.png\",\"contentUrl\":\"https:\/\/stretchfilmplasticosretractilesyfilmsalimentarios.com\/wp-content\/uploads\/logostretch-sticky.png\",\"width\":269,\"height\":64,\"caption\":\"Stretch y Retr\u00e1ctil\"},\"image\":{\"@id\":\"https:\/\/stretchfilmplasticosretractilesyfilmsalimentarios.com\/fr\/#\/schema\/logo\/image\/\"}}]}<\/script>\n<!-- \/ Yoast SEO plugin. -->","yoast_head_json":{"title":"Films Biod\u00e9gradables et Compostables - Stretch y Retr\u00e1ctil","robots":{"index":"index","follow":"follow","max-snippet":"max-snippet:-1","max-image-preview":"max-image-preview:large","max-video-preview":"max-video-preview:-1"},"canonical":"https:\/\/stretchfilmplasticosretractilesyfilmsalimentarios.com\/fr\/producto\/film-plastique-retractable\/films-biodegradables-et-compostables\/","og_locale":"fr_FR","og_type":"article","og_title":"Films Biod\u00e9gradables et Compostables - Stretch y Retr\u00e1ctil","og_description":"Large gamme de films biod\u00e9gradables. Films \u00e9cologiques \u00e0 base d\u2019amidon de pomme de terre, d\u2019amidon de ma\u00efs et \/ ou de canne \u00e0 sucre. Selon son utilisation, un type ou un autre est recommand\u00e9, en fonction du type d\u2019emballage requis, de la transparence et de la r\u00e9traction ou de la fermeture du produit \u00e0 emballer. [&hellip;]","og_url":"https:\/\/stretchfilmplasticosretractilesyfilmsalimentarios.com\/fr\/producto\/film-plastique-retractable\/films-biodegradables-et-compostables\/","og_site_name":"Stretch y Retr\u00e1ctil","article_modified_time":"2023-07-22T23:02:18+00:00","og_image":[{"width":1320,"height":742,"url":"https:\/\/stretchfilmplasticosretractilesyfilmsalimentarios.com\/wp-content\/uploads\/film-biodegradables-y-compostables-01.jpg","type":"image\/jpeg"}],"twitter_card":"summary_large_image","twitter_misc":{"Dur\u00e9e de lecture estim\u00e9e":"1 minute"},"schema":{"@context":"https:\/\/schema.org","@graph":[{"@type":"WebPage","@id":"https:\/\/stretchfilmplasticosretractilesyfilmsalimentarios.com\/fr\/producto\/film-plastique-retractable\/films-biodegradables-et-compostables\/","url":"https:\/\/stretchfilmplasticosretractilesyfilmsalimentarios.com\/fr\/producto\/film-plastique-retractable\/films-biodegradables-et-compostables\/","name":"Films Biod\u00e9gradables et Compostables - Stretch y Retr\u00e1ctil","isPartOf":{"@id":"https:\/\/stretchfilmplasticosretractilesyfilmsalimentarios.com\/fr\/#website"},"primaryImageOfPage":{"@id":"https:\/\/stretchfilmplasticosretractilesyfilmsalimentarios.com\/fr\/producto\/film-plastique-retractable\/films-biodegradables-et-compostables\/#primaryimage"},"image":{"@id":"https:\/\/stretchfilmplasticosretractilesyfilmsalimentarios.com\/fr\/producto\/film-plastique-retractable\/films-biodegradables-et-compostables\/#primaryimage"},"thumbnailUrl":"https:\/\/stretchfilmplasticosretractilesyfilmsalimentarios.com\/wp-content\/uploads\/film-biodegradables-y-compostables-01.jpg","datePublished":"2023-07-22T22:59:16+00:00","dateModified":"2023-07-22T23:02:18+00:00","breadcrumb":{"@id":"https:\/\/stretchfilmplasticosretractilesyfilmsalimentarios.com\/fr\/producto\/film-plastique-retractable\/films-biodegradables-et-compostables\/#breadcrumb"},"inLanguage":"fr-FR","potentialAction":[{"@type":"ReadAction","target":["https:\/\/stretchfilmplasticosretractilesyfilmsalimentarios.com\/fr\/producto\/film-plastique-retractable\/films-biodegradables-et-compostables\/"]}]},{"@type":"ImageObject","inLanguage":"fr-FR","@id":"https:\/\/stretchfilmplasticosretractilesyfilmsalimentarios.com\/fr\/producto\/film-plastique-retractable\/films-biodegradables-et-compostables\/#primaryimage","url":"https:\/\/stretchfilmplasticosretractilesyfilmsalimentarios.com\/wp-content\/uploads\/film-biodegradables-y-compostables-01.jpg","contentUrl":"https:\/\/stretchfilmplasticosretractilesyfilmsalimentarios.com\/wp-content\/uploads\/film-biodegradables-y-compostables-01.jpg","width":1320,"height":742},{"@type":"BreadcrumbList","@id":"https:\/\/stretchfilmplasticosretractilesyfilmsalimentarios.com\/fr\/producto\/film-plastique-retractable\/films-biodegradables-et-compostables\/#breadcrumb","itemListElement":[{"@type":"ListItem","position":1,"name":"Produits","item":"https:\/\/stretchfilmplasticosretractilesyfilmsalimentarios.com\/fr\/produits\/"},{"@type":"ListItem","position":2,"name":"Films Biod\u00e9gradables et Compostables"}]},{"@type":"WebSite","@id":"https:\/\/stretchfilmplasticosretractilesyfilmsalimentarios.com\/fr\/#website","url":"https:\/\/stretchfilmplasticosretractilesyfilmsalimentarios.com\/fr\/","name":"Stretch y Retr\u00e1ctil","description":"","publisher":{"@id":"https:\/\/stretchfilmplasticosretractilesyfilmsalimentarios.com\/fr\/#organization"},"potentialAction":[{"@type":"SearchAction","target":{"@type":"EntryPoint","urlTemplate":"https:\/\/stretchfilmplasticosretractilesyfilmsalimentarios.com\/fr\/?s={search_term_string}"},"query-input":{"@type":"PropertyValueSpecification","valueRequired":true,"valueName":"search_term_string"}}],"inLanguage":"fr-FR"},{"@type":"Organization","@id":"https:\/\/stretchfilmplasticosretractilesyfilmsalimentarios.com\/fr\/#organization","name":"Stretch y Retr\u00e1ctil","url":"https:\/\/stretchfilmplasticosretractilesyfilmsalimentarios.com\/fr\/","logo":{"@type":"ImageObject","inLanguage":"fr-FR","@id":"https:\/\/stretchfilmplasticosretractilesyfilmsalimentarios.com\/fr\/#\/schema\/logo\/image\/","url":"https:\/\/stretchfilmplasticosretractilesyfilmsalimentarios.com\/wp-content\/uploads\/logostretch-sticky.png","contentUrl":"https:\/\/stretchfilmplasticosretractilesyfilmsalimentarios.com\/wp-content\/uploads\/logostretch-sticky.png","width":269,"height":64,"caption":"Stretch y Retr\u00e1ctil"},"image":{"@id":"https:\/\/stretchfilmplasticosretractilesyfilmsalimentarios.com\/fr\/#\/schema\/logo\/image\/"}}]}},"_links":{"self":[{"href":"https:\/\/stretchfilmplasticosretractilesyfilmsalimentarios.com\/fr\/wp-json\/wp\/v2\/product\/1885","targetHints":{"allow":["GET"]}}],"collection":[{"href":"https:\/\/stretchfilmplasticosretractilesyfilmsalimentarios.com\/fr\/wp-json\/wp\/v2\/product"}],"about":[{"href":"https:\/\/stretchfilmplasticosretractilesyfilmsalimentarios.com\/fr\/wp-json\/wp\/v2\/types\/product"}],"wp:featuredmedia":[{"embeddable":true,"href":"https:\/\/stretchfilmplasticosretractilesyfilmsalimentarios.com\/fr\/wp-json\/wp\/v2\/media\/1874"}],"wp:attachment":[{"href":"https:\/\/stretchfilmplasticosretractilesyfilmsalimentarios.com\/fr\/wp-json\/wp\/v2\/media?parent=1885"}],"wp:term":[{"taxonomy":"product_cat","embeddable":true,"href":"https:\/\/stretchfilmplasticosretractilesyfilmsalimentarios.com\/fr\/wp-json\/wp\/v2\/product_cat?post=1885"},{"taxonomy":"product_tag","embeddable":true,"href":"https:\/\/stretchfilmplasticosretractilesyfilmsalimentarios.com\/fr\/wp-json\/wp\/v2\/product_tag?post=1885"}],"curies":[{"name":"wp","href":"https:\/\/api.w.org\/{rel}","templated":true}]}}